{"version":"1.0","provider_name":"El Regional","provider_url":"https:\/\/elregionalvm.com.ar\/noticias-villa-maria","author_name":"Miguel Andreis","author_url":"https:\/\/elregionalvm.com.ar\/noticias-villa-maria\/author\/miguelandreis\/","title":"[Historia] El extra\u00f1o reptil de Yucat - El Regional","type":"rich","width":600,"height":338,"html":"<blockquote class=\"wp-embedded-content\" data-secret=\"JmLHqNZvMz\"><a href=\"https:\/\/elregionalvm.com.ar\/noticias-villa-maria\/historia-el-extrano-reptil-de-yucat\/\">[Historia] El extra\u00f1o reptil de Yucat<\/a><\/blockquote><iframe sandbox=\"allow-scripts\" security=\"restricted\" src=\"https:\/\/elregionalvm.com.ar\/noticias-villa-maria\/historia-el-extrano-reptil-de-yucat\/embed\/#?secret=JmLHqNZvMz\" width=\"600\" height=\"338\" title=\"\u00ab[Historia] El extra\u00f1o reptil de Yucat\u00bb \u2014 El Regional\" data-secret=\"JmLHqNZvMz\" frameborder=\"0\" marginwidth=\"0\" marginheight=\"0\" scrolling=\"no\" class=\"wp-embedded-content\"><\/iframe><script>\n\/*! This file is auto-generated *\/\n!function(d,l){\"use strict\";l.querySelector&&d.addEventListener&&\"undefined\"!=typeof URL&&(d.wp=d.wp||{},d.wp.receiveEmbedMessage||(d.wp.receiveEmbedMessage=function(e){var t=e.data;if((t||t.secret||t.message||t.value)&&!\/[^a-zA-Z0-9]\/.test(t.secret)){for(var s,r,n,a=l.querySelectorAll('iframe[data-secret=\"'+t.secret+'\"]'),o=l.querySelectorAll('blockquote[data-secret=\"'+t.secret+'\"]'),c=new RegExp(\"^https?:$\",\"i\"),i=0;i<o.length;i++)o[i].style.display=\"none\";for(i=0;i<a.length;i++)s=a[i],e.source===s.contentWindow&&(s.removeAttribute(\"style\"),\"height\"===t.message?(1e3<(r=parseInt(t.value,10))?r=1e3:~~r<200&&(r=200),s.height=r):\"link\"===t.message&&(r=new URL(s.getAttribute(\"src\")),n=new URL(t.value),c.test(n.protocol))&&n.host===r.host&&l.activeElement===s&&(d.top.location.href=t.value))}},d.addEventListener(\"message\",d.wp.receiveEmbedMessage,!1),l.addEventListener(\"DOMContentLoaded\",function(){for(var e,t,s=l.querySelectorAll(\"iframe.wp-embedded-content\"),r=0;r<s.length;r++)(t=(e=s[r]).getAttribute(\"data-secret\"))||(t=Math.random().toString(36).substring(2,12),e.src+=\"#?secret=\"+t,e.setAttribute(\"data-secret\",t)),e.contentWindow.postMessage({message:\"ready\",secret:t},\"*\")},!1)))}(window,document);\n\/\/# sourceURL=https:\/\/elregionalvm.com.ar\/noticias-villa-maria\/wp-includes\/js\/wp-embed.min.js\n<\/script>\n","thumbnail_url":"http:\/\/elregionalvm.com.ar\/noticias-villa-maria\/wp-content\/uploads\/2021\/10\/iguana.jpeg","thumbnail_width":850,"thumbnail_height":415,"description":"Las denominaban \u201cTufas\u201d y las trajeron de la selva amaz\u00f3nica.Era un galgo bayo, cruza. Siempre detr\u00e1s del caballo de don Jer\u00f3nimo. Casi mordi\u00e9ndole las patas de Bolita, as\u00ed se llamaba el veterano alaz\u00e1n. En los campos de Yucat, hab\u00eda lagunas y enormes barrancones. Ninguna casa en las cercan\u00edas de los mismos. Sol\u00edan largar el vacuno [&hellip;]"}